{"id":1443,"date":"2019-09-03T19:08:55","date_gmt":"2019-09-03T18:08:55","guid":{"rendered":"http:\/\/brigetiosport.hu\/wordpress\/?page_id=1443"},"modified":"2019-10-03T18:09:56","modified_gmt":"2019-10-03T17:09:56","slug":"iv-brigetio-orszaguti-es-mtb-idofutam","status":"publish","type":"page","link":"https:\/\/brigetiosport.hu\/wordpress\/iv-brigetio-orszaguti-es-mtb-idofutam\/","title":{"rendered":"IV. Brigetio Orsz\u00e1g\u00fati -\u00e9s MTB Id\u0151futam"},"content":{"rendered":"<ol>\n<li><strong> Alap inform\u00e1ci\u00f3k<\/strong><\/li>\n<\/ol>\n<p>A versenysorozat 2 fordul\u00f3b\u00f3l \u00e1ll. Az 1. fordul\u00f3 \u00c9szak-Kom\u00e1romban (Szlov\u00e1kia), a 2. fordul\u00f3 D\u00e9l-Kom\u00e1romban (Magyarorsz\u00e1g) ker\u00fcl megrendez\u00e9sre. Mindk\u00e9t fordul\u00f3 k\u00fcl\u00f6n\u00e1ll\u00f3 versenyk\u00e9nt is ki\u00e9rt\u00e9kel\u00e9sre ker\u00fcl. A bajnoks\u00e1g m\u00e1sodik fordul\u00f3j\u00e1t k\u00f6vet\u0151en az \u00f6sszetett versenyt tekintve azok az indul\u00f3k lesznek ki\u00e9rt\u00e9kelve, akik mindk\u00e9t fordul\u00f3t sikeresen teljes\u00edtett\u00e9k. A ki\u00e9rt\u00e9kel\u00e9s a futamid\u0151k \u00f6sszevon\u00e1s\u00e1val keletkezett id\u0151eredm\u00e9ny alapj\u00e1n t\u00f6rt\u00e9nik. Azok a versenyz\u0151k, akik csup\u00e1n egyik fordul\u00f3n vesznek r\u00e9szt, nem ker\u00fclnek ki\u00e9rt\u00e9kel\u00e9sre az \u00f6sszes\u00edtett versenysorozat tekintet\u00e9ben.<\/p>\n<p>Mindk\u00e9t futam r\u00e9sztvev\u0151i k\u00f6z\u00f6tt kisorsol\u00e1sra ker\u00fcl egy 1400,-\u20ac \u00e9rt\u00e9k\u0171 AUTHOR AURA 55 versenyker\u00e9kp\u00e1r.<\/p>\n<ol start=\"2\">\n<li><strong> A fordul\u00f3k id\u0151pontja \u00e9s helysz\u00edne:<\/strong><\/li>\n<\/ol>\n<p>1. fordul\u00f3 ( Panyi B\u00e9la eml\u00e9kverseny ) 15 km<\/p>\n<p>2019.05.19.<\/p>\n<p>Rajt: \u00c9szak-Kom\u00e1rom (SK), Sistag \u00e9tterem, V\u00e1g foly\u00f3 partj\u00e1n, a Kom\u00e1rom-Karvai ker\u00e9kp\u00e1r\u00fat kezdet\u00e9n.<\/p>\n<p>\u00datvonal: \u00c9szak-Kom\u00e1rom \u2013 Izsa \u2013 Path \u2013 Zsitvat\u0151, v\u00e9gig a ker\u00e9kp\u00e1r\u00faton.<\/p>\n<p>C\u00e9l: Zsitvat\u0151 (\u017ditava).<\/p>\n<p>2. fordul\u00f3: (IV. Brigetio Orsz\u00e1g\u00fati -\u00e9s MTB Id\u0151futam, Magyar Ker\u00e9kp\u00e1ros Amat\u0151r Bajnoks\u00e1g 15. fordul\u00f3, Magyar Rend\u00e9szeti Szervek Id\u0151futam Orsz\u00e1gos Bajnoks\u00e1g) 15 km<\/p>\n<p>2019.10.06.<\/p>\n<p>Rajt-c\u00e9l: Magyarorsz\u00e1g, 2903 Kom\u00e1rom, Kopp\u00e1nyvez\u00e9r \u00fat 77 \u2013 D\u00f3zsa Gy\u00f6rgy \u00c1ltal\u00e1nos Iskola el\u0151tti \u00fatszakasz<\/p>\n<p>\u00datvonal: Kopp\u00e1nyvez\u00e9r \u00fat, \u00dajsz\u00e1ll\u00e1si \u00fat, Nokia utca, \u00dajsz\u00e1ll\u00e1si \u00fat, Kopp\u00e1nyvez\u00e9r \u00fat<\/p>\n<p><a href=\"https:\/\/www.strava.com\/activities\/2666509514\" target=\"_blank\" rel=\"noopener noreferrer\">https:\/\/www.strava.com\/activities\/2666509514<\/a><\/p>\n<p><iframe loading=\"lazy\" src=\"https:\/\/www.strava.com\/activities\/2669257659\/embed\/f0339540b166b119164645f2ca663ccd76e0b3af\" width=\"590\" height=\"405\" frameborder=\"0\" scrolling=\"no\"><\/iframe><\/p>\n<p>GPS log: <a href=\"https:\/\/drive.google.com\/open?id=1KR_o7PH2yaA_6VlWUz9QmwBp0b4tOw0c\" target=\"_blank\" rel=\"noopener noreferrer\">LET\u00d6LT\u00c9S<\/a><\/p>\n<p>Aki a felez\u0151vonalat \u00e1tl\u00e9pi a verseny sor\u00e1n 1 perces id\u0151b\u00fcntet\u00e9st kap annyiszor, ah\u00e1nyszor \u00e1tl\u00e9pte!<\/p>\n<ol start=\"3\">\n<li>A rendezv\u00e9ny r\u00e9sztvev\u0151i:<\/li>\n<\/ol>\n<p>Azok a n\u0151i \u00e9s f\u00e9rfi r\u00e9sztvev\u0151k, akik 10. \u00e9let\u00e9v\u00fcket bet\u00f6lt\u00f6tt\u00e9k, vagy fogj\u00e1k az \u00e9v sor\u00e1n, az el\u0151nevez\u00e9st v\u00e9grehajtott\u00e1k, a nevez\u00e9si d\u00edjat befizett\u00e9k \u00e9s al\u00e1\u00edr\u00e1sukkal igazolj\u00e1k, hogy a r\u00e9szv\u00e9teli felt\u00e9teleket elfogadt\u00e1k! Az MTB kateg\u00f3ri\u00e1ban 26\u201c , 27,5\u201c 28\u201d \u00e9s 29\u201c ker\u00e9km\u00e9ret\u0171 biciklikkel lehet rajtolni, a gumi sz\u00e9less\u00e9ge minimum 47mm (1,75 col).<\/p>\n<ol start=\"4\">\n<li>Program<\/li>\n<\/ol>\n<p>07:00-t\u00f3l &#8211; \u00a0Rajtsz\u00e1mok \u00e1tv\u00e9tele<br \/>\n08:30 \u2013 12:59 &#8211; Rajt 1 perces ind\u00edt\u00e1sokkal<br \/>\n14:00 \u2013 Eredm\u00e9nyhirdet\u00e9s (v\u00e1rhat\u00f3 kezd\u00e9s)<\/p>\n<p>Az el\u0151zetes program tervezett\u0151l a szervez\u0151k elt\u00e9rhetnek, melyr\u0151l t\u00e1j\u00e9koztatj\u00e1k a versenyz\u0151ket!<\/p>\n<ol start=\"5\">\n<li><strong> Nevez\u00e9s<\/strong><\/li>\n<\/ol>\n<p>Az 1. fordul\u00f3n a r\u00e9sztvev\u0151k l\u00e9tsz\u00e1ma korl\u00e1tozott, max. 240 f\u0151, a 2. fordul\u00f3n a l\u00e9tsz\u00e1m 270 f\u0151ben maximaliz\u00e1lt.<\/p>\n<p>A Magyar Rend\u00e9szeti Szervek Orsz\u00e1gos Bajnoks\u00e1g\u00e1n r\u00e9sztvev\u0151 ker\u00e9kp\u00e1rosokat k\u00e9rj\u00fck, hogy a nevez\u00e9s mellett a r\u00e9szv\u00e9tel\u00e9t emailben jelezze a <a href=\"mailto:brigetiosport@brigetiosport.hu\">brigetiosport@brigetiosport.hu<\/a> email c\u00edmre!<\/p>\n<p>A helysz\u00ednen csak dupla nevez\u00e9si d\u00edj\u00e9rt lehet nevezni a fennmaradt rajtid\u0151pontokra.<\/p>\n<p>A nevez\u00e9si d\u00edj fordul\u00f3nk\u00e9nt 15,-\u20ac vagy 4 500,- Ft. A nevez\u00e9s csak akkor \u00e9rv\u00e9nyes, ha a nevez\u00e9si d\u00edj megfizet\u00e9sre ker\u00fclt az adott futam szervez\u0151j\u00e9n\u00e9l. A nevez\u00e9si d\u00edj tartalmazza a versenyen val\u00f3 r\u00e9szv\u00e9teli jogot, chipes id\u0151m\u00e9r\u00e9st, \u00e9lelmez\u00e9st a rajt-c\u00e9l ter\u00fcleten, ki\u00e9rt\u00e9kel\u00e9st.<\/p>\n<p>Nevez\u00e9si d\u00edj kedvezm\u00e9nyek:<br \/>\nAKESZ rendszer\u00e9ben 2019 \u00e9vre \u00e9rv\u00e9nyes regisztr\u00e1ci\u00f3 eset\u00e9n: 10% &#8211; A 2. fordul\u00f3 nevez\u00e9si d\u00edj\u00e1ra \u00e9rv\u00e9nyes.<\/p>\n<p>Nevez\u00e9si hat\u00e1rid\u0151 \u00e9s fizet\u00e9si m\u00f3d:<\/p>\n<p>1. fordul\u00f3 \u2013 2019.05.16. \u00e9jf\u00e9l<\/p>\n<p>Fizet\u00e9s szem\u00e9lyesen a PIKO-BIKE ker\u00e9kp\u00e1r\u00fczletben. C\u00edm: 94505 Kom\u00e1rno, Me\u0161tianska 3018, vagy utal\u00e1ssal a SK45 7500 0000 0040 2089 3094 banksz\u00e1mlasz\u00e1mra. Utal\u00e1s eset\u00e9n a k\u00f6zlem\u00e9ny rovatban k\u00e9rj\u00fck a nevez\u0151 nev\u00e9t \u00e9s sz\u00fclet\u00e9si \u00e9v\u00e9t felt\u00fcntetni.<\/p>\n<p>2. fordul\u00f3 \u2013 2019.10.02. \u00e9jf\u00e9l<\/p>\n<p>Fizet\u00e9s szem\u00e9lyesen a a PIKO-BIKE ker\u00e9kp\u00e1r\u00fczletben. C\u00edm: 94505 Kom\u00e1rno, Me\u0161tianska 3018, vagy utal\u00e1ssal a Brigetio Ker\u00e9kp\u00e1ros Sportegyes\u00fclet banksz\u00e1ml\u00e1j\u00e1ra a HU44 1040 3631 5052 6775 6881 1005 banksz\u00e1mlasz\u00e1mra. Utal\u00e1s eset\u00e9n a k\u00f6zlem\u00e9ny rovatban k\u00e9rj\u00fck a nevez\u0151 nev\u00e9t \u00e9s sz\u00fclet\u00e9si \u00e9v\u00e9t felt\u00fcntetni. Banki befizet\u00e9s eset\u00e9n a 300 Ft. banki k\u00f6lts\u00e9get az utal\u00f3 f\u00e9l k\u00f6teles befizetni, amennyiben ennek nem tesz eleget a rajtsz\u00e1m \u00e1tv\u00e9telekor k\u00f6teles a d\u00edjat megfizetni.<\/p>\n<ol start=\"6\">\n<li><strong> Korcsoportok:<\/strong><\/li>\n<\/ol>\n<p>ORSZ\u00c1G\u00daTI:<\/p>\n<p>f\u00e9rfiak:<br \/>\n1. korcsoport \u2013 U13: 2007 \u2013 2009 (10-12 \u00e9v)<br \/>\n2. korcsoport \u2013 U15: 2005 \u2013 2006 (13-14 \u00e9v)<br \/>\n3. korcsoport \u2013 U17: 2003 \u2013 2004 (15-16 \u00e9v)<br \/>\n4. korcsoport \u2013 U19: 2001 \u2013 2002 (17-18 \u00e9v)<br \/>\n5. korcsoport \u2013 Elite1: 1990 \u2013 2000 (19-29 \u00e9v)<br \/>\n6. korcsoport \u2013 Elite2: 1980 \u2013 1989 (30-39 \u00e9v)<br \/>\n7. korcsoport \u2013 Master: 1970 \u2013 1979 (40-49 \u00e9v)<br \/>\n8. korcsoport \u2013 Senior1: 1960 \u2013 1969 (50-59 \u00e9v)<br \/>\n9. korcsoport \u2013 Senior2: 1950 \u2013 1959 (60-69 \u00e9v)<br \/>\n10. korcsoport \u2013 Senior3: \u2013 1949 (70+ \u00e9v)<\/p>\n<p>n\u0151k:<br \/>\n1. korcsoport \u2013 WU15: 2005 \u2013 2009 (10-14 \u00e9v)<br \/>\n2. korcsoport \u2013 WU17: 2003 \u2013 2004 (15-16 \u00e9v)<br \/>\n3. korcsoport \u2013 WU19: 2001 \u2013 2002 (17-18 \u00e9v)<br \/>\n4. korcsoport \u2013 WElite: 1980 \u2013 2000 (19-39 \u00e9v)<br \/>\n5. korcsoport \u2013 WMaster: 1970 \u2013 1979 (40-49 \u00e9v)<br \/>\n6. korcsoport \u2013 WSenior1: \u2013 1969 (50+ \u00e9v)<\/p>\n<p>MTB:<\/p>\n<p>f\u00e9rfiak:<br \/>\n1. korcsoport \u2013 U17: 2003\u2013 2009 (10-16 \u00e9v)<br \/>\n2. korcsoport \u2013 U19: 2001 \u2013 2002 (17-18 \u00e9v)<br \/>\n3. korcsoport \u2013 Elite: 1980 \u2013 2000 (19-39 \u00e9v)<br \/>\n4. korcsoport \u2013 Master: 1960 \u2013 1979 (40-59 \u00e9v)<br \/>\n5. korcsoport \u2013 Senior: \u2013 1959\u00a0 (60+ \u00e9v)<\/p>\n<p>n\u0151k:<br \/>\n1. korcsoport \u2013 WU17: 2003 \u2013 2009 (10-16 \u00e9v)<br \/>\n2. korcsoport \u2013 WU19: 2001 \u2013 2002 (17-18 \u00e9v)<br \/>\n3. korcsoport \u2013 WElite: 1980 \u2013 2000 (19-39 \u00e9v)<br \/>\n4. korcsoport \u2013 Wmaster:\u00a0 \u2013 1979\u00a0 (40+ \u00e9v)<\/p>\n<ol start=\"7\">\n<li><strong> Helyez\u00e9sek eld\u00f6nt\u00e9se:<\/strong><\/li>\n<\/ol>\n<p>A kateg\u00f3ri\u00e1nk\u00e9nti egyes versenyfordul\u00f3k gy\u0151ztese az, aki a ki\u00edrt t\u00e1vot szab\u00e1lyszer\u0171en a leggyorsabban teljes\u00edti.<\/p>\n<p>Mindk\u00e9t fordul\u00f3 id\u0151eredm\u00e9nye \u00f6sszevon\u00e1sra ker\u00fcl a versenysorozat v\u00e9g\u00e9n, a bajnoks\u00e1g kateg\u00f3ri\u00e1nk\u00e9nti gy\u0151ztese az, akinek az \u00f6sszevont ideje a legkisebb lesz.<\/p>\n<ol start=\"8\">\n<li><strong> D\u00edjaz\u00e1s:<\/strong><\/li>\n<\/ol>\n<p>K\u00fcl\u00f6n mindk\u00e9t futamon kateg\u00f3ri\u00e1nk\u00e9nt az els\u0151 h\u00e1rom helyezett \u00e9remd\u00edjaz\u00e1sban r\u00e9szes\u00fcl, az abszol\u00fat dobog\u00f3sok egy\u00e9b aj\u00e1nd\u00e9kjutalomban.<\/p>\n<p>A versenysorozat \u00f6sszes\u00edtett eredm\u00e9nyei alapj\u00e1n \u00e9rem \u00e9s aj\u00e1nd\u00e9kjutalomban r\u00e9szes\u00fcl a kateg\u00f3ri\u00e1nk\u00e9nti els\u0151 h\u00e1rom helyezett. A versenysorozat abszol\u00fat leggyorsabb f\u00e9rfi \u00e9s n\u0151i versenyz\u0151je k\u00fcl\u00f6n d\u00edjaz\u00e1sban r\u00e9szes\u00fcl.<\/p>\n<ol start=\"9\">\n<li><strong> Szervez\u0151k: <\/strong><\/li>\n<\/ol>\n<p>1. futam: PIKO-BIKE<br \/>\n94505 Kom\u00e1rno, Me\u0161tianska 3018<br \/>\ne-mail: <a href=\"mailto:cup@piko-bike.sk\">cup@piko-bike.sk<\/a><br \/>\ntel.: +421 948 045115<br \/>\nweboldal: <a href=\"https:\/\/www.facebook.com\/pikobike.timetriel\">https:\/\/www.facebook.com\/pikobike.timetriel<\/a><\/p>\n<p>2. futam: Brigetio Ker\u00e9kp\u00e1ros Sportegyes\u00fclet<br \/>\n2900 Kom\u00e1rom, Klapka Gy\u00f6rgy \u00fat 12. 3\/9 sz.<\/p>\n<p>tel.: +36 30 3554436<br \/>\ne-mail: <a href=\"mailto:brigetiosport@brigetiosport.hu\">brigetiosport@brigetiosport.hu<\/a><br \/>\nweboldal: <a href=\"https:\/\/l.facebook.com\/l.php?u=http%3A%2F%2Fbrigetiosport.hu%2F%3Ffbclid%3DIwAR1OBu9Gn4YGAojBp5lRhh_u9bCn1xSotFJTgVyJ-bw6VuBDpRC5UeqSro8&amp;h=AT2oqJfIcuBpPbHRC6213giaLZ2zBUpIdifBr4fICfd6xKoZFJMVct4JUO9Ydj6fJa46hmWG4STbQnKqHyFfGL80vb8nSOy7gZHoYhsV_faYFxnGEDjXfvyYYVh-nqAJ_GM0mQ\">http:\/\/brigetiosport.hu\/<\/a><\/p>\n<ol start=\"10\">\n<li><strong> \u00c1ltal\u00e1nos tudnival\u00f3k:<\/strong><\/li>\n<\/ol>\n<p>&#8211; Mindk\u00e9t rendezv\u00e9nyen minden r\u00e9sztvev\u0151 a rendez\u0151k \u00e1ltal biztos\u00edtott, szab\u00e1lyszer\u0171en feler\u0151s\u00edtett rajtsz\u00e1mmal indul.<\/p>\n<p>&#8211; Mindk\u00e9t rendezv\u00e9nyen mindenki saj\u00e1t felel\u0151ss\u00e9g\u00e9re indulhat, a versenyki\u00edr\u00e1s \u00e9s k\u00f6zleked\u00e9si szab\u00e1lyok (Magyarorsz\u00e1gon a KRESZ, K\u00d6H\u00c9M- , Szlov\u00e1ki\u00e1ban a 8\/2009-es t\u00f6rv\u00e9ny) betart\u00e1sa mellett.<\/p>\n<p>&#8211; A rajt id\u0151pontjait a nevez\u00e9s sorrendj\u00e9ben hat\u00e1rozza meg a rendez\u0151.<\/p>\n<p>&#8211; Azonos csapat tagjai k\u00f6zvetlen\u00fcl egym\u00e1s ut\u00e1n nem rajtolhatnak, k\u00f6z\u00e9j\u00fck mindig legal\u00e1bb egy m\u00e1sik csapat tagja ker\u00fcl. Ugyanez a szab\u00e1ly vonatkozik csal\u00e1dtagokra is, amennyiben semmilyen csapatnak nem tagjai.<\/p>\n<p>&#8211; A versenyek sor\u00e1n g\u00e9pj\u00e1rm\u0171, tov\u00e1bb\u00e1 m\u00e1s ker\u00e9kp\u00e1ros(ok) m\u00f6g\u00e9 be\u00e1llni, bolyozni szigor\u00faan tilos! Az eg\u00e9sz p\u00e1ly\u00e1n tilos b\u00e1rmilyen k\u00fcls\u0151 seg\u00edts\u00e9g elfogad\u00e1sa. Nem enged\u00e9lyezett m\u00e1s versenyz\u0151 tol\u00e1sa, h\u00faz\u00e1sa, vagy vontat\u00e1sa m\u00e1sik ker\u00e9kp\u00e1ros, illetve egy\u00e9b j\u00e1rm\u0171 seg\u00edts\u00e9g\u00e9vel. Szint\u00e9n tilos a k\u00eds\u00e9r\u0151j\u00e1rm\u0171 haszn\u00e1lata! Elektromos seg\u00e9dmotorral ell\u00e1tott ker\u00e9kp\u00e1rok a versenyen nem vehetnek r\u00e9szt!<\/p>\n<p>&#8211; Aki a felez\u0151vonalat \u00e1tl\u00e9pi a verseny sor\u00e1n 1 perces id\u0151b\u00fcntet\u00e9st kap annyiszor, ah\u00e1nyszor \u00e1tl\u00e9pte!<\/p>\n<p>&#8211; Az esetleges balesetek\u00e9rt \u00e9s a versenyki\u00edr\u00e1s be nem tart\u00e1s\u00e1b\u00f3l bek\u00f6vetkez\u0151, ill. eg\u00e9szs\u00e9g\u00fcgyi okokb\u00f3l bek\u00f6vetkezett balesetek\u00e9rt \u00e9s s\u00e9r\u00fcl\u00e9sek\u00e9rt a rendez\u0151 semmif\u00e9le felel\u0151ss\u00e9get nem v\u00e1llal, k\u00e1rt\u00e9r\u00edt\u00e9sre nem k\u00f6telezhet\u0151.<\/p>\n<p>&#8211; A rendezv\u00e9nyen minden r\u00e9sztvev\u0151 k\u00f6teles a rendez\u0151 \u00e1ltal biztos\u00edtott rekl\u00e1manyagot a felszerel\u00e9s\u00e9n, ker\u00e9kp\u00e1ron, &#8230; stb elhelyezni. E felt\u00e9tel nem teljes\u00edt\u00e9se a versenyz\u0151 kiz\u00e1r\u00e1s\u00e1val j\u00e1rhat.<\/p>\n<p>&#8211; \u00d3v\u00e1st beny\u00fajtani a c\u00e9lba \u00e9rkez\u00e9st k\u00f6vet\u0151en 10 percen bel\u00fcl, \u00edr\u00e1sban van lehet\u0151s\u00e9g 10,- Eur\u00f3, vagy 3300,- Ft kauci\u00f3 let\u00e9tele mellett.<\/p>\n<p>A ki\u00edr\u00e1s v\u00e1ltoztat\u00e1si jog\u00e1t a szervez\u0151k fenntartj\u00e1k.<\/p>\n<p>&nbsp;<\/p>\n<ol start=\"11\">\n<li><strong> A r\u00e9sztvev\u0151 nyilatkozata:<\/strong><\/li>\n<\/ol>\n<p>&#8211; Az online nevez\u00e9s regisztr\u00e1ci\u00f3s adatlapj\u00e1nak kit\u00f6lt\u00e9se \u00f6nk\u00e9ntes adatk\u00f6zl\u00e9s. Hozz\u00e1j\u00e1rulok, hogy a nevez\u00e9si lapon szerepl\u0151 adataimat a rendez\u0151 az esem\u00e9ny adatb\u00e1zis\u00e1ban nyilv\u00e1ntartsa.<\/p>\n<p>&#8211; A rendezv\u00e9nyen k\u00e9sz\u00fcl\u0151 film \u00e9s k\u00e9panyagaiban, elektronikus \u00e9s nyomtatott sajt\u00f3ban valamint ezek rekl\u00e1mc\u00e9l\u00fa felhaszn\u00e1l\u00e1s\u00e1ban szerepelhetek, ez\u00e9rt ellenszolg\u00e1ltat\u00e1st nem k\u00e9rek.<\/p>\n<p>&#8211; A versenysorozat mindk\u00e9t versenyfordul\u00f3j\u00e1n a saj\u00e1t felel\u0151ss\u00e9gemre veszek r\u00e9szt.<\/p>\n<p>&#8211; Eg\u00e9szs\u00e9gesen \u00e9s fizikailag felk\u00e9sz\u00fclten, j\u00f3 \u00e1llapotban l\u00e9v\u0151 ker\u00e9kp\u00e1rral \u00e1llok rajthoz.<\/p>\n<p>&#8211; Sz\u00fcks\u00e9g eset\u00e9n az orvosi vizsg\u00e1latba beleegyezem, az orvos utas\u00edt\u00e1sait elfogadom.<\/p>\n<p>&#8211; Ha a fenti okokra vagy a ki\u00edr\u00e1sban szerepl\u0151 rendelkez\u00e9sek megszeg\u00e9s\u00e9re visszavezethet\u0151 vagy versenybaleset eset\u00e9n b\u00e1rmilyen k\u00e1rosod\u00e1s \u00e9r, illetve t\u00e1volmarad\u00e1som eset\u00e9n a rendez\u0151k fel\u00e9 k\u00f6vetel\u00e9ssel nem \u00e9lek. Az esetleges k\u00e1rok\u00e9rt, amelyeket ker\u00e9kp\u00e1rommal, vagy szem\u00e9lyesen okozok m\u00e1s r\u00e9sztvev\u0151nek, k\u00edv\u00fcl\u00e1ll\u00f3nak, vagy a rendez\u0151knek, teljes m\u00e9rt\u00e9kben felelek \u00e9s azokat teljes m\u00e9rt\u00e9kben megt\u00e9r\u00edtem.<\/p>\n<p>Az online nevez\u00e9s &#8222;elk\u00fcld\u00e9s\u00e9vel&#8221; a nyilatkozat tartalm\u00e1t magamra n\u00e9zve k\u00f6telez\u0151 \u00e9rv\u00e9ny\u0171nek fogadom el!<\/p>\n","protected":false},"excerpt":{"rendered":"<p>Alap inform\u00e1ci\u00f3k A versenysorozat 2 fordul\u00f3b\u00f3l \u00e1ll. Az 1. fordul\u00f3 \u00c9szak-Kom\u00e1romban (Szlov\u00e1kia), a 2. fordul\u00f3 D\u00e9l-Kom\u00e1romban (Magyarorsz\u00e1g) ker\u00fcl megrendez\u00e9sre. Mindk\u00e9t fordul\u00f3 k\u00fcl\u00f6n\u00e1ll\u00f3 versenyk\u00e9nt is ki\u00e9rt\u00e9kel\u00e9sre ker\u00fcl. A bajnoks\u00e1g m\u00e1sodik fordul\u00f3j\u00e1t k\u00f6vet\u0151en az \u00f6sszetett versenyt tekintve azok az indul\u00f3k lesznek ki\u00e9rt\u00e9kelve, akik mindk\u00e9t fordul\u00f3t sikeresen teljes\u00edtett\u00e9k. A ki\u00e9rt\u00e9kel\u00e9s a futamid\u0151k \u00f6sszevon\u00e1s\u00e1val keletkezett id\u0151eredm\u00e9ny alapj\u00e1n t\u00f6rt\u00e9nik. Azok &hellip; <a href=\"https:\/\/brigetiosport.hu\/wordpress\/iv-brigetio-orszaguti-es-mtb-idofutam\/\" class=\"more-link\"><span class=\"screen-reader-text\">&#8222;IV. Brigetio Orsz\u00e1g\u00fati -\u00e9s MTB Id\u0151futam&#8221;<\/span> b\u0151vebben<\/a><\/p>\n","protected":false},"author":1,"featured_media":0,"parent":0,"menu_order":0,"comment_status":"closed","ping_status":"closed","template":"","meta":{"footnotes":""},"_links":{"self":[{"href":"https:\/\/brigetiosport.hu\/wordpress\/wp-json\/wp\/v2\/pages\/1443"}],"collection":[{"href":"https:\/\/brigetiosport.hu\/wordpress\/wp-json\/wp\/v2\/pages"}],"about":[{"href":"https:\/\/brigetiosport.hu\/wordpress\/wp-json\/wp\/v2\/types\/page"}],"author":[{"embeddable":true,"href":"https:\/\/brigetiosport.hu\/wordpress\/wp-json\/wp\/v2\/users\/1"}],"replies":[{"embeddable":true,"href":"https:\/\/brigetiosport.hu\/wordpress\/wp-json\/wp\/v2\/comments?post=1443"}],"version-history":[{"count":13,"href":"https:\/\/brigetiosport.hu\/wordpress\/wp-json\/wp\/v2\/pages\/1443\/revisions"}],"predecessor-version":[{"id":1466,"href":"https:\/\/brigetiosport.hu\/wordpress\/wp-json\/wp\/v2\/pages\/1443\/revisions\/1466"}],"wp:attachment":[{"href":"https:\/\/brigetiosport.hu\/wordpress\/wp-json\/wp\/v2\/media?parent=1443"}],"curies":[{"name":"wp","href":"https:\/\/api.w.org\/{rel}","templated":true}]}}