{"id":1251,"date":"2019-01-02T19:09:06","date_gmt":"2019-01-02T18:09:06","guid":{"rendered":"http:\/\/brigetiosport.hu\/wordpress\/?page_id=1251"},"modified":"2019-03-25T07:49:04","modified_gmt":"2019-03-25T06:49:04","slug":"v-brigetio-mtb-maraton","status":"publish","type":"page","link":"https:\/\/brigetiosport.hu\/wordpress\/v-brigetio-mtb-maraton\/","title":{"rendered":"V. Brigetio MTB Maraton"},"content":{"rendered":"<p><img loading=\"lazy\" decoding=\"async\" class=\"aligncenter wp-image-1312\" src=\"https:\/\/brigetiosport.hu\/wordpress\/wp-content\/uploads\/2019\/01\/mtb-729x1024.jpg\" alt=\"\" width=\"475\" height=\"667\" srcset=\"https:\/\/brigetiosport.hu\/wordpress\/wp-content\/uploads\/2019\/01\/mtb-729x1024.jpg 729w, https:\/\/brigetiosport.hu\/wordpress\/wp-content\/uploads\/2019\/01\/mtb-213x300.jpg 213w, https:\/\/brigetiosport.hu\/wordpress\/wp-content\/uploads\/2019\/01\/mtb-768x1079.jpg 768w, https:\/\/brigetiosport.hu\/wordpress\/wp-content\/uploads\/2019\/01\/mtb-1200x1687.jpg 1200w\" sizes=\"(max-width: 475px) 85vw, 475px\" \/><\/p>\n<p><strong>1. A rendezv\u00e9ny c\u00e9lja:<\/strong><\/p>\n<p>Az amat\u0151r ker\u00e9kp\u00e1rsport n\u00e9pszer\u0171s\u00edt\u00e9se, eg\u00e9szs\u00e9ges \u00e9letm\u00f3dra nevel\u00e9s, kellemes kikapcsol\u00f3d\u00e1s biztos\u00edt\u00e1sa.<\/p>\n<p><strong>2. A rendezv\u00e9ny helye, ideje:<\/strong><\/p>\n<p>Dunaalm\u00e1s, futballp\u00e1lya (Tatai \u00fat 46-54; @47.7220257,18.3138851)<\/p>\n<p>2019.04.13. szombat<\/p>\n<p><strong>P\u00e1lya \u00fatvonala:<\/strong> (36km 800m szint) Dunaalm\u00e1s futballp\u00e1lya, mint rajt-c\u00e9l ter\u00fclet, tov\u00e1bb\u00e1 a Dunaalm\u00e1s \u00e9s Dunaszentmik\u00f3s valamint ez ut\u00f3bbi telep\u00fcl\u00e9s \u00e9s Tardos-S\u00fctt\u0151 telep\u00fcl\u00e9st \u00f6sszek\u00f6t\u0151 k\u00f6z\u00fat k\u00f6z\u00f6tt elter\u00fcl\u0151 erd\u0151ss\u00e9g k\u00f6z\u00f6tt fog zajlani.<\/p>\n<p><span style=\"color: #ff0000;\"><strong>Felh\u00edvjuk a p\u00e1ly\u00e1t bej\u00e1rni sz\u00e1nd\u00e9koz\u00f3k figyelm\u00e9t, hogy h\u00e9tk\u00f6znap NE pr\u00f3b\u00e1lkozzanak a p\u00e1lya bej\u00e1r\u00e1s\u00e1val, mert a Honv\u00e9ds\u00e9g \u00e9les l\u00f6v\u00e9szetet szokott tartani h\u00e9tk\u00f6znap, \u00e9s katonai z\u00e1r al\u00e1 esik a Dunaszentmikl\u00f3sr\u00f3l kifel\u00e9 vezet\u0151 z\u00f6ld s\u00e1v r\u00e9sz.<\/strong><\/span><\/p>\n<p><iframe loading=\"lazy\" src=\"https:\/\/www.strava.com\/activities\/2205754600\/embed\/127556a7ebfcfbbca61ee213c8587b603d95720b\" width=\"590\" height=\"405\" frameborder=\"0\" scrolling=\"no\"><\/iframe><\/p>\n<p><strong>GPS log:<\/strong><\/p>\n<p><a href=\"https:\/\/drive.google.com\/open?id=13aXWszfIsrxKhoQTPtU-8qVvHyhDTG_d\" target=\"_blank\" rel=\"noopener noreferrer\">GPX let\u00f6lt\u00e9s<\/a><strong><br \/>\n<\/strong><\/p>\n<p><a href=\"https:\/\/drive.google.com\/open?id=14zIOPGFBgx81uncJ_9L9hFmzbLyp_T-V\" target=\"_blank\" rel=\"noopener noreferrer\">TCX let\u00f6lt\u00e9s<\/a><\/p>\n<p><strong>3. A rendezv\u00e9ny r\u00e9sztvev\u0151i:<\/strong><\/p>\n<p>Azok a n\u0151i \u00e9s f\u00e9rfi r\u00e9sztvev\u0151k, akik 14. \u00e9let\u00e9v\u00fcket bet\u00f6lt\u00f6tt\u00e9k, vagy fogj\u00e1k az \u00e9v sor\u00e1n, a fizet\u00e9si hat\u00e1rid\u0151ig a nevez\u00e9si d\u00edjat befizett\u00e9k \u00e9s al\u00e1\u00edr\u00e1sukkal igazolj\u00e1k, hogy a r\u00e9szv\u00e9teli felt\u00e9teleket elfogadt\u00e1k! Nevez\u00e9si d\u00edjat nem \u00e1ll m\u00f3dunkban visszafizetni! 18 \u00e9v alatti szem\u00e9ly kiz\u00e1r\u00f3lag sz\u00fcl\u0151i enged\u00e9llyel vehet r\u00e9szt a mez\u0151nyversenyen! A sz\u00fcl\u0151i hozz\u00e1j\u00e1rul\u00f3 nyilatkozatot ki kell t\u00f6lteni \u00e9s a helysz\u00ednen a rajtsz\u00e1m \u00e1tv\u00e9telekor leadni.<\/p>\n<p>Sz\u00fcl\u0151i hozz\u00e1j\u00e1rul\u00f3 nyilatkozat: <a href=\"https:\/\/drive.google.com\/file\/d\/13SBeM_wCmPQeH_6CrGG6fN-WHXZ2Fde8\/view?usp=sharing\" target=\"_blank\" rel=\"noopener noreferrer\">LINK<\/a><\/p>\n<p><strong>4. Program:<\/strong><\/p>\n<p>07:30 \u2013 09:00 \u2013 Helysz\u00edni nevez\u00e9s, rajtsz\u00e1mok \u00e1tv\u00e9tele<\/p>\n<p>10:00\u00a0 \u2013 MTB maraton rajt<\/p>\n<p>14:00 \u2013 Eredm\u00e9nyhirdet\u00e9s<\/p>\n<p><strong>5. Korcsoportok:<\/strong><\/p>\n<p><strong>f\u00e9rfi:<\/strong><\/p>\n<ol>\n<li>korcsoport \u2013 Serd\u00fcl\u0151: 2001 \u2013 2005 (14-18 \u00e9v)<\/li>\n<li>korcsoport \u2013 Feln\u0151tt: 1990 \u2013 2000 (19-29 \u00e9v)<\/li>\n<li>korcsoport \u2013 Master1: 1980\u2013 1989 (30-39 \u00e9v)<\/li>\n<li>korcsoport \u2013 Master2: 1970 \u2013 1979 (40-49 \u00e9v)<\/li>\n<li>korcsoport \u2013 Master3: 1960 \u2013 1969 (50-59 \u00e9v)<\/li>\n<li>korcsoport \u2013 Master4: \u2013 1959 (60-t\u00f3l)<\/li>\n<\/ol>\n<p><strong>n\u0151:<\/strong><\/p>\n<ol>\n<li>korcsoport \u2013 Serd\u00fcl\u0151: 2001 \u2013 2005 (14-18 \u00e9v)<\/li>\n<li>korcsoport \u2013 Feln\u0151tt: 1990 \u2013 2000 (19-29 \u00e9v)<\/li>\n<li>korcsoport \u2013 Master1: 1980\u2013 1989 (30-39 \u00e9v)<\/li>\n<li>korcsoport \u2013 Master2+: \u2013 1979 (40-t\u0151l)<\/li>\n<\/ol>\n<p><strong>6. Helyez\u00e9sek eld\u00f6nt\u00e9se:<\/strong><\/p>\n<p>A kateg\u00f3ri\u00e1nk\u00e9nti versenyek gy\u0151ztese az, aki a ki\u00edrt t\u00e1vot szab\u00e1lyszer\u0171en, a leggyorsabban teljes\u00edti. Chipes id\u0151m\u00e9r\u00e9s.<\/p>\n<p><strong>7. D\u00edjaz\u00e1s:<\/strong><\/p>\n<p>Kateg\u00f3ri\u00e1nk\u00e9nt az els\u0151 h\u00e1rom helyezett a verseny egyedileg tervezett \u00e9s k\u00e9sz\u00edtett \u00e9remd\u00edj\u00e1ban r\u00e9szes\u00fcl. A t\u00e1vot leggyorsabban teljes\u00edt\u0151k k\u00fcl\u00f6n d\u00edjban r\u00e9szes\u00fclnek.<\/p>\n<p><strong>8. Szervez\u0151:<\/strong><\/p>\n<p>Brigetio Ker\u00e9kp\u00e1ros Sportegyes\u00fclet<\/p>\n<p>2900 Kom\u00e1rom, Klapka Gy\u00f6rgy \u00fat 12. 3\/9 sz.<\/p>\n<p>e-mail: brigetiosport@brigetiosport.hu<\/p>\n<p><strong>9. Nevez\u00e9s:<\/strong><\/p>\n<p><strong>Helysz\u00edni nevez\u00e9si d\u00edj:<\/strong> 8.000,- Ft\/f\u0151<\/p>\n<p><strong>El\u0151nevez\u00e9si d\u00edj:<\/strong> 5.000,- Ft\/f\u0151<\/p>\n<p><strong>El\u0151nevez\u00e9si hat\u00e1rid\u0151:<\/strong> 2019. \u00e1prilis 8. \u00e9jf\u00e9l<\/p>\n<p>Az el\u0151nevez\u00e9s csak akkor \u00e9rv\u00e9nyes, ha 2019. \u00e1prilis 8. \u00e9jf\u00e9lig az 5.000 Ft-os nevez\u00e9si d\u00edj \u00e1tutal\u00e1sra ker\u00fclt, vagy szem\u00e9lyesen befizette azt a Piko Bike ker\u00e9kp\u00e1rboltban.<\/p>\n<p><strong>Nevez\u00e9si fel\u00fclet:\u00a0<\/strong><a href=\"http:\/\/nevezes.com\" target=\"_blank\" rel=\"noopener noreferrer\">LINK<\/a><\/p>\n<p><strong>A nevez\u00e9si d\u00edj tartalmazza:<\/strong><\/p>\n<p>\u2013 indul\u00e1s jog\u00e1t,<\/p>\n<p>\u2013 chipes id\u0151m\u00e9r\u00e9st,<\/p>\n<p>\u2013 1 db SIS energy g\u00e9lt a rajtcsomagba a www.nutridepo.hu web\u00e1ruh\u00e1z t\u00e1mogat\u00e1s\u00e1val<\/p>\n<p>\u2013 1 db Brigetio KSE hivatalos kulacs\u00e1t a rajtcsomagba<\/p>\n<p>&#8211; 2 db friss\u00edt\u0151\u00e1llom\u00e1st (11. km: Dunaszentmikl\u00f3s Str\u00f6cker Vend\u00e9gl\u0151n\u00e9l \/oda -\u00e9s vissza\u00faton \u00e9rintett\/ illetve 22. km: Als\u00f3vad\u00e1cs Vad\u00e1szh\u00e1z; mindk\u00e9t friss\u00edt\u0151 \u00e1llom\u00e1s szem\u00e9ly aut\u00f3val megk\u00f6zel\u00edthet\u0151 k\u00f6z\u00fat mellett tal\u00e1lhat\u00f3)<\/p>\n<p>\u2013\u00a0meleg eb\u00e9d a c\u00e9lban (guly\u00e1sleves)<\/p>\n<p>&#8211; s\u00fctem\u00e9nyek az IREKS STAMAG j\u00f3volt\u00e1b\u00f3l<\/p>\n<p>\u2013 orvosi \u00fcgyeletet a rajt\/c\u00e9l helysz\u00ednen<\/p>\n<p>\u2013 30% kedvezm\u00e9nyt a Kom\u00e1romi Teremgokart p\u00e1ly\u00e1ra<\/p>\n<p>\u2013 50% kedvezm\u00e9ny a helyben fogyasztott pizz\u00e1k \u00e1r\u00e1b\u00f3l a rajtsz\u00e1m felmutat\u00f3j\u00e1nak a Boss-Co pizz\u00e9ri\u00e1ba (Kom\u00e1rom Klapka Gy. \u00fat 9.)<\/p>\n<p><strong>Banki \u00e1tutal\u00e1s:<\/strong><\/p>\n<p>Brigetio Ker\u00e9kp\u00e1ros Sportegyes\u00fclet<\/p>\n<p>K&amp;H Bank, 10403631-50526775-68811005<\/p>\n<p>Nemzetk\u00f6zi banksz\u00e1mlasz\u00e1m (IBAN): HU44 1040 3631 5052 6775 6881 1005<\/p>\n<p>A nevez\u00e9sn\u00e9l, az \u00e1tutal\u00f3 nev\u00e9t, c\u00edm\u00e9t, \u00e9s \u2013 jogi szem\u00e9ly eset\u00e9n \u2013 ad\u00f3sz\u00e1m\u00e1t kell megadni!<\/p>\n<p><strong>El\u0151nevez\u00e9s befizet\u00e9se a Piko Bike \u00dczletben:<\/strong><\/p>\n<p>C\u00edm: Szlov\u00e1kia, 94505 \u00c9szak \u2013 Kom\u00e1rom (Kom\u00e1rno), Polg\u00e1r u. (Me\u0161tianska) 3018<\/p>\n<p><strong>10. Egy\u00e9b:<\/strong><\/p>\n<p>\u2013 A rendezv\u00e9nyen minden r\u00e9sztvev\u0151 a rendez\u0151k \u00e1ltal biztos\u00edtott rajtsz\u00e1mmal, \u00e9s chipel indul.<\/p>\n<p>\u2013 A rendezv\u00e9nyen mindenki saj\u00e1t felel\u0151ss\u00e9g\u00e9re indulhat, a versenyki\u00edr\u00e1s \u00e9s k\u00f6zleked\u00e9si szab\u00e1lyok -KRESZ, K\u00d6H\u00c9M- betart\u00e1sa mellett.<\/p>\n<p>\u2013 A rendezv\u00e9nyen buk\u00f3sisak visel\u00e9se k\u00f6telez\u0151!<\/p>\n<p>\u2013 Az esetleges balesetek\u00e9rt \u00e9s a versenyki\u00edr\u00e1s be nem tart\u00e1s\u00e1b\u00f3l bek\u00f6vetkez\u0151, ill. eg\u00e9szs\u00e9g\u00fcgyi okokb\u00f3l bek\u00f6vetkezett balesetek\u00e9rt \u00e9s s\u00e9r\u00fcl\u00e9sek\u00e9rt a rendez\u0151 semmif\u00e9le felel\u0151ss\u00e9get nem v\u00e1llal, k\u00e1rt\u00e9r\u00edt\u00e9sre nem k\u00f6telezhet\u0151.<\/p>\n<p>\u2013 A rendezv\u00e9nyen minden r\u00e9sztvev\u0151 k\u00f6teles a rendez\u0151 \u00e1ltal biztos\u00edtott rekl\u00e1manyagot a felszerel\u00e9s\u00e9n, ker\u00e9kp\u00e1ron, \u2026 stb elhelyezni. \u2013 Aki ennek nem tesz eleget a rendezv\u00e9nyr\u0151l kiz\u00e1rhat\u00f3.<\/p>\n<p><strong>11. A r\u00e9sztvev\u0151 nyilatkozata:<\/strong><\/p>\n<p>\u2013 Az online nevez\u00e9s regisztr\u00e1ci\u00f3s adatlapj\u00e1nak kit\u00f6lt\u00e9se \u00f6nk\u00e9ntes adatk\u00f6zl\u00e9s. Hozz\u00e1j\u00e1rulok, hogy a nevez\u00e9si lapon szerepl\u0151 adataimat a rendez\u0151 az esem\u00e9ny adatb\u00e1zis\u00e1ban nyilv\u00e1ntartsa.<\/p>\n<p>\u2013 A rendezv\u00e9nyen k\u00e9sz\u00fcl\u0151 film \u00e9s k\u00e9panyagaiban, elektronikus \u00e9s nyomtatott sajt\u00f3ban valamint ezek rekl\u00e1mc\u00e9l\u00fa felhaszn\u00e1l\u00e1s\u00e1ban szerepelhetek, ez\u00e9rt ellenszolg\u00e1ltat\u00e1st nem k\u00e9rek.<\/p>\n<p>\u2013 A versenyen saj\u00e1t felel\u0151ss\u00e9gemre veszek r\u00e9szt.<\/p>\n<p>\u2013 Eg\u00e9szs\u00e9gesen \u00e9s fizikailag felk\u00e9sz\u00fclten \u00e1llok rajthoz.<\/p>\n<p>\u2013 Sz\u00fcks\u00e9g eset\u00e9n az orvosi vizsg\u00e1latba beleegyezem, az orvos utas\u00edt\u00e1sait elfogadom.<\/p>\n<p>\u2013 Ha a fenti okokra vagy a ki\u00edr\u00e1sban szerepl\u0151 rendelkez\u00e9sek megszeg\u00e9s\u00e9re visszavezethet\u0151 vagy versenybaleset eset\u00e9n b\u00e1rmilyen k\u00e1rosod\u00e1s \u00e9r, illetve t\u00e1volmarad\u00e1som eset\u00e9n a rendez\u0151k fel\u00e9 k\u00f6vetel\u00e9ssel nem \u00e9lek.<\/p>\n<p>Az online nevez\u00e9s \u201celk\u00fcld\u00e9s\u00e9vel\u201d a nyilatkozat tartalm\u00e1t magamra n\u00e9zve k\u00f6telez\u0151 \u00e9rv\u00e9ny\u0171nek fogadom el!<\/p>\n<p><strong>MINDENKINEK KELLEMES KIKAPCSOL\u00d3D\u00c1ST K\u00cdV\u00c1NUNK!<\/strong><\/p>\n<p>&nbsp;<\/p>\n","protected":false},"excerpt":{"rendered":"<p>1. A rendezv\u00e9ny c\u00e9lja: Az amat\u0151r ker\u00e9kp\u00e1rsport n\u00e9pszer\u0171s\u00edt\u00e9se, eg\u00e9szs\u00e9ges \u00e9letm\u00f3dra nevel\u00e9s, kellemes kikapcsol\u00f3d\u00e1s biztos\u00edt\u00e1sa. 2. A rendezv\u00e9ny helye, ideje: Dunaalm\u00e1s, futballp\u00e1lya (Tatai \u00fat 46-54; @47.7220257,18.3138851) 2019.04.13. szombat P\u00e1lya \u00fatvonala: (36km 800m szint) Dunaalm\u00e1s futballp\u00e1lya, mint rajt-c\u00e9l ter\u00fclet, tov\u00e1bb\u00e1 a Dunaalm\u00e1s \u00e9s Dunaszentmik\u00f3s valamint ez ut\u00f3bbi telep\u00fcl\u00e9s \u00e9s Tardos-S\u00fctt\u0151 telep\u00fcl\u00e9st \u00f6sszek\u00f6t\u0151 k\u00f6z\u00fat k\u00f6z\u00f6tt elter\u00fcl\u0151 erd\u0151ss\u00e9g k\u00f6z\u00f6tt &hellip; <a href=\"https:\/\/brigetiosport.hu\/wordpress\/v-brigetio-mtb-maraton\/\" class=\"more-link\"><span class=\"screen-reader-text\">&#8222;V. Brigetio MTB Maraton&#8221;<\/span> b\u0151vebben<\/a><\/p>\n","protected":false},"author":1,"featured_media":0,"parent":0,"menu_order":0,"comment_status":"closed","ping_status":"closed","template":"","meta":{"footnotes":""},"_links":{"self":[{"href":"https:\/\/brigetiosport.hu\/wordpress\/wp-json\/wp\/v2\/pages\/1251"}],"collection":[{"href":"https:\/\/brigetiosport.hu\/wordpress\/wp-json\/wp\/v2\/pages"}],"about":[{"href":"https:\/\/brigetiosport.hu\/wordpress\/wp-json\/wp\/v2\/types\/page"}],"author":[{"embeddable":true,"href":"https:\/\/brigetiosport.hu\/wordpress\/wp-json\/wp\/v2\/users\/1"}],"replies":[{"embeddable":true,"href":"https:\/\/brigetiosport.hu\/wordpress\/wp-json\/wp\/v2\/comments?post=1251"}],"version-history":[{"count":18,"href":"https:\/\/brigetiosport.hu\/wordpress\/wp-json\/wp\/v2\/pages\/1251\/revisions"}],"predecessor-version":[{"id":1319,"href":"https:\/\/brigetiosport.hu\/wordpress\/wp-json\/wp\/v2\/pages\/1251\/revisions\/1319"}],"wp:attachment":[{"href":"https:\/\/brigetiosport.hu\/wordpress\/wp-json\/wp\/v2\/media?parent=1251"}],"curies":[{"name":"wp","href":"https:\/\/api.w.org\/{rel}","templated":true}]}}