{"id":1248,"date":"2019-01-02T19:08:36","date_gmt":"2019-01-02T18:08:36","guid":{"rendered":"http:\/\/brigetiosport.hu\/wordpress\/?page_id=1248"},"modified":"2019-06-21T21:13:29","modified_gmt":"2019-06-21T20:13:29","slug":"v-brigetio-orszaguti-mezonyverseny","status":"publish","type":"page","link":"https:\/\/brigetiosport.hu\/wordpress\/v-brigetio-orszaguti-mezonyverseny\/","title":{"rendered":"V. Brigetio Orsz\u00e1g\u00fati Mez\u0151nyverseny"},"content":{"rendered":"\n\t\t<div id='gallery-1' class='gallery galleryid-1248 gallery-columns-1 gallery-size-medium gal190621_2'><script type=\"text\/javascript\">\r\n\/\/ <![CDATA[\r\n\tjQuery(document).ready(function () {\r\n\t\tjQuery(\".gal190621_2 a\").attr(\"rel\",\"gal190621_2\");\t\r\n\t\tjQuery('a[rel=\"gal190621_2\"]').colorbox({maxWidth:\"95%\", maxHeight:\"95%\",title: function(){ return jQuery(this).children().attr(\"alt\"); }});\r\n\t});\r\n\/\/ ]]>\r\n<\/script>\n<figure class=\"gallery-item\">\n<div class=\"gallery-icon\">\r\n<a href=\"https:\/\/brigetiosport.hu\/wordpress\/wp-content\/uploads\/2019\/06\/plakat_v_brigetio_mezonyverseny-1.jpg\" title=\"V. Brigetio Orsz\u00e1g\u00fati mez\u0151nyvereny plak\u00e1t\" rel=\"gal190621_2\"><img loading=\"lazy\" decoding=\"async\" src=\"https:\/\/brigetiosport.hu\/wordpress\/wp-content\/uploads\/2019\/06\/plakat_v_brigetio_mezonyverseny-1-213x300.jpg\" width=\"213\" height=\"300\" alt=\"V. Brigetio Orsz\u00e1g\u00fati mez\u0151nyvereny plak\u00e1t\" \/><\/a>\r\n<\/div><figcaption class=\"gallery-caption\" id=\"caption1391\"><span class=\"imagecaption\">V. Brigetio Orsz\u00e1g\u00fati mez\u0151nyvereny plak\u00e1t<\/span><br \/>\n<\/figcaption><\/figure>\r\n\t\t<\/div>\n\n<p><strong><br \/>\n<\/strong><\/p>\n<ul>\n<li>Ny\u00edlt, nemzetk\u00f6zi orsz\u00e1g\u00fati mez\u0151nyverseny<\/li>\n<li>2019 \u00e9vi Magyar Ker\u00e9kp\u00e1ros Amat\u0151r Bajnoks\u00e1g 12. fordul\u00f3<\/li>\n<li>Olimpiai \u00d6tpr\u00f3ba<\/li>\n<li>Magyar Rend\u00e9szeti Szervek Orsz\u00e1gos Bajnoks\u00e1ga<\/li>\n<li>Magyar Szabadid\u0151sport Sz\u00f6vets\u00e9g, Szabadid\u0151s rendezv\u00e9ny<\/li>\n<li>Egy\u00e9ni \u00e9s csapatverseny<\/li>\n<\/ul>\n<ol>\n<li><strong> A rendezv\u00e9ny c\u00e9lja:<\/strong><\/li>\n<\/ol>\n<p>A rendszeres testedz\u00e9s, tov\u00e1bb\u00e1 az orsz\u00e1g\u00fati ker\u00e9kp\u00e1roz\u00e1s, mint versenysport n\u00e9pszer\u0171s\u00edt\u00e9se, ut\u00e1np\u00f3tl\u00e1snevel\u00e9s. A hazai \u00e9s k\u00fclf\u00f6ldi sportegyes\u00fcletekkel val\u00f3 kapcsolatok \u00e1pol\u00e1sa. Kom\u00e1rom v\u00e1ros turisztikai n\u00e9pszer\u0171s\u00edt\u00e9se.<\/p>\n<ol>\n<li><strong> A rendezv\u00e9ny f\u0151v\u00e9dn\u00f6ke:<br \/>\n<\/strong><br \/>\nDr. Moln\u00e1r Attila \u2013 Kom\u00e1rom V\u00e1ros Polg\u00e1rmestere<\/li>\n<\/ol>\n<p><strong>III. Szervez\u0151, versenyigazgat\u00f3k:<br \/>\n<\/strong><br \/>\nBrigetio Ker\u00e9kp\u00e1ros Sportegyes\u00fclet<br \/>\n2900 Kom\u00e1rom, Klapka Gy\u00f6rgy \u00fat 12. 3\/9<br \/>\nAd\u00f3sz\u00e1m: 18398160-1-11<\/p>\n<p>\u2013 Gregor Zolt\u00e1n \u2013 Brigetio Ker\u00e9kp\u00e1ros Sportegyes\u00fclet eln\u00f6ke:<br \/>\nEmail.: brigetiosport@brigetiosport.hu tel.: +36\/30\/355-4436<\/p>\n<p>\u2013 H\u00e9regi P\u00e9ter \u2013 Brigetio Ker\u00e9kp\u00e1ros Sportegyes\u00fclet aleln\u00f6ke:<br \/>\nEmail.: pheregi@brigetiosport.hu tel.: +36\/20\/490-4823<\/p>\n<ol>\n<li><strong> A rendezv\u00e9ny helye, ideje:<\/strong><\/li>\n<\/ol>\n<p>A verseny id\u0151pontja: 2019.08.11. (vas\u00e1rnap) 10:00<br \/>\nRajt ideje, helye: Kom\u00e1rom, Csillag Er\u0151d<br \/>\nParkol\u00e1s: Kom\u00e1rom, Bem J\u00f3zsef utc\u00e1ban<\/p>\n\n\t\t<div id='gallery-2' class='gallery galleryid-1248 gallery-columns-1 gallery-size-large gal10621'><script type=\"text\/javascript\">\r\n\/\/ <![CDATA[\r\n\tjQuery(document).ready(function () {\r\n\t\tjQuery(\".gal10621 a\").attr(\"rel\",\"gal10621\");\t\r\n\t\tjQuery('a[rel=\"gal10621\"]').colorbox({maxWidth:\"95%\", maxHeight:\"95%\",title: function(){ return jQuery(this).children().attr(\"alt\"); }});\r\n\t});\r\n\/\/ ]]>\r\n<\/script>\n<figure class=\"gallery-item\">\n<div class=\"gallery-icon\">\r\n<a href=\"https:\/\/brigetiosport.hu\/wordpress\/wp-content\/uploads\/2019\/01\/rajtcelterulet_v_brigetio_mezonyverseny_terkep.jpg\" title=\"rajt-c\u00e9l ter\u00fclet, parkol\u00e1s\" rel=\"gal10621\"><img loading=\"lazy\" decoding=\"async\" src=\"https:\/\/brigetiosport.hu\/wordpress\/wp-content\/uploads\/2019\/01\/rajtcelterulet_v_brigetio_mezonyverseny_terkep.jpg\" width=\"587\" height=\"351\" alt=\"rajt-c\u00e9l ter\u00fclet, parkol\u00e1s\" \/><\/a>\r\n<\/div><figcaption class=\"gallery-caption\" id=\"caption1373\"><span class=\"imagecaption\">rajt-c\u00e9l ter\u00fclet, parkol\u00e1s<\/span><br \/>\n<\/figcaption><\/figure>\r\n\t\t<\/div>\n\n<ol>\n<li><strong> A rendezv\u00e9ny r\u00e9sztvev\u0151i:<\/strong><\/li>\n<\/ol>\n<p>Azok a n\u0151i \u00e9s f\u00e9rfi r\u00e9sztvev\u0151k, akik a versenyki\u00edr\u00e1sban meghat\u00e1rozottak szerint a nevez\u00e9si d\u00edjat befizett\u00e9k \u00e9s al\u00e1\u00edr\u00e1sukkal igazolj\u00e1k, hogy a r\u00e9szv\u00e9teli felt\u00e9teleket elfogadt\u00e1k! 18 \u00e9v alatti szem\u00e9ly kiz\u00e1r\u00f3lag sz\u00fcl\u0151i enged\u00e9llyel vehet r\u00e9szt a mez\u0151nyversenyen! A sz\u00fcl\u0151i hozz\u00e1j\u00e1rul\u00f3 nyilatkozatot ki kell t\u00f6lteni \u00e9s a helysz\u00ednen a rajtsz\u00e1m \u00e1tv\u00e9telekor leadni.<\/p>\n<p>Sz\u00fcl\u0151i hozz\u00e1j\u00e1rul\u00f3 nyilatkozat: <a href=\"https:\/\/drive.google.com\/file\/d\/1gFAzOEnTVpLIGxa36hc3wMIiizABS5lP\/view?usp=sharing\" target=\"_blank\" rel=\"noopener noreferrer\">LINK<\/a><\/p>\n<ol>\n<li><strong> Program:<\/strong><br \/>\n07:30 \u2013 09:30: Rajtsz\u00e1mok \u00e1tv\u00e9tele<br \/>\n09:30 \u2013 09:55: Gy\u00fclekez\u0151 a c\u00e9legyenesben<br \/>\n09:55 \u2013 Dr. Moln\u00e1r Attila Kom\u00e1rom V\u00e1ros Polg\u00e1rmester\u00e9nek k\u00f6sz\u00f6nt\u0151 besz\u00e9de<br \/>\n10:00 \u2013 Lass\u00fa rajt<br \/>\n14:00 \u2013 Eredm\u00e9nyhirdet\u00e9s<\/li>\n<\/ol>\n<p><strong>VII. Korcsoportok \u00e9s t\u00e1vok:<\/strong><\/p>\n<table width=\"0\">\n<tbody>\n<tr>\n<td colspan=\"4\" width=\"309\"><strong>F\u00e9rfi kateg\u00f3ri\u00e1k<\/strong><\/td>\n<td colspan=\"4\" width=\"309\"><strong>N\u0151i kateg\u00f3ri\u00e1k<\/strong><\/td>\n<\/tr>\n<tr>\n<td width=\"60\">U13<\/td>\n<td width=\"79\">(10-12 \u00e9v)<\/td>\n<td width=\"88\">2007-2009<\/td>\n<td width=\"82\">r\u00f6vid t\u00e1v<\/td>\n<td width=\"69\">WU15<\/td>\n<td width=\"75\">(10-14 \u00e9v)<\/td>\n<td width=\"87\">2005-2009<\/td>\n<td width=\"77\">r\u00f6vid t\u00e1v<\/td>\n<\/tr>\n<tr>\n<td width=\"60\">U15<\/td>\n<td width=\"79\">(13-14 \u00e9v)<\/td>\n<td width=\"88\">2005 -2006<\/td>\n<td width=\"82\">r\u00f6vid t\u00e1v<\/td>\n<td width=\"69\">&#8211;<\/td>\n<td width=\"75\"><\/td>\n<td width=\"87\"><\/td>\n<td width=\"77\"><\/td>\n<\/tr>\n<tr>\n<td width=\"60\">U17<\/td>\n<td width=\"79\">(15-16 \u00e9v)<\/td>\n<td width=\"88\">2003-2004<\/td>\n<td width=\"82\">r\u00f6vid t\u00e1v<\/td>\n<td width=\"69\">WU17<\/td>\n<td width=\"75\">(15-16 \u00e9v)<\/td>\n<td width=\"87\">2003-2004<\/td>\n<td width=\"77\">r\u00f6vid t\u00e1v<\/td>\n<\/tr>\n<tr>\n<td width=\"60\">U19<\/td>\n<td width=\"79\">(17-18 \u00e9v)<\/td>\n<td width=\"88\">2001-2002<\/td>\n<td width=\"82\">hossz\u00fa t\u00e1v<\/td>\n<td width=\"69\">WU19<\/td>\n<td width=\"75\">(17-18 \u00e9v)<\/td>\n<td width=\"87\">2001-2002<\/td>\n<td width=\"77\">hossz\u00fa t\u00e1v<\/td>\n<\/tr>\n<tr>\n<td width=\"60\">Elit1<\/td>\n<td width=\"79\">(19-29 \u00e9v)<\/td>\n<td width=\"88\">1990-2000<\/td>\n<td width=\"82\">hossz\u00fa t\u00e1v<\/td>\n<td width=\"69\">WElit<\/td>\n<td width=\"75\">(19-39 \u00e9v)<\/td>\n<td width=\"87\">1980-2000<\/td>\n<td width=\"77\">hossz\u00fa t\u00e1v<\/td>\n<\/tr>\n<tr>\n<td width=\"60\">Elit2<\/td>\n<td width=\"79\">(30-39 \u00e9v)<\/td>\n<td width=\"88\">1980-1989<\/td>\n<td width=\"82\">hossz\u00fa t\u00e1v<\/td>\n<td width=\"69\">&#8211;<\/td>\n<td width=\"75\"><\/td>\n<td width=\"87\"><\/td>\n<td width=\"77\"><\/td>\n<\/tr>\n<tr>\n<td width=\"60\">Master<\/td>\n<td width=\"79\">(40-49 \u00e9v)<\/td>\n<td width=\"88\">1970-1979<\/td>\n<td width=\"82\">hossz\u00fa t\u00e1v<\/td>\n<td width=\"69\">WMaster<\/td>\n<td width=\"75\">(40-49 \u00e9v)<\/td>\n<td width=\"87\">1970-1979<\/td>\n<td width=\"77\">hossz\u00fa t\u00e1v<\/td>\n<\/tr>\n<tr>\n<td width=\"60\">Senoir1<\/td>\n<td width=\"79\">(50-59 \u00e9v)<\/td>\n<td width=\"88\">1960-1969<\/td>\n<td width=\"82\">hossz\u00fa t\u00e1v<\/td>\n<td width=\"69\">&#8211;<\/td>\n<td width=\"75\"><\/td>\n<td width=\"87\"><\/td>\n<td width=\"77\"><\/td>\n<\/tr>\n<tr>\n<td width=\"60\">Senior2<\/td>\n<td width=\"79\">(60-69 \u00e9v)<\/td>\n<td width=\"88\">1950-1959<\/td>\n<td width=\"82\">r\u00f6vid t\u00e1v<\/td>\n<td width=\"69\">\u00a0WSenior<\/td>\n<td width=\"75\">\u00a0 (50 + \u00e9v)<\/td>\n<td width=\"87\">\u00a0 \u00a0\u00a0\u00a0\u00a0\u00a0\u00a0\u00a0\u00a0\u00a0-1969<\/td>\n<td width=\"77\">r\u00f6vid t\u00e1v<\/td>\n<\/tr>\n<tr>\n<td width=\"60\">Senior3<\/td>\n<td width=\"79\">(70+ \u00a0 \u00e9v)<\/td>\n<td width=\"88\">\u00a0\u00a0\u00a0\u00a0\u00a0\u00a0\u00a0 -1949<\/td>\n<td width=\"82\">r\u00f6vid t\u00e1v<\/td>\n<td width=\"69\">&#8211;<\/td>\n<td width=\"75\"><\/td>\n<td width=\"87\"><\/td>\n<td width=\"77\"><\/td>\n<\/tr>\n<tr>\n<td colspan=\"2\" width=\"140\">P\u00e9nzd\u00edjas<\/td>\n<td colspan=\"4\" width=\"314\">nem \u00e9s korcsoport f\u00fcggetlen kateg\u00f3ria<\/td>\n<td colspan=\"2\" width=\"165\">hossz\u00fa t\u00e1v<\/td>\n<\/tr>\n<\/tbody>\n<\/table>\n<p>&nbsp;<\/p>\n<table width=\"0\">\n<tbody>\n<tr>\n<td width=\"101\">R\u00f6vidt\u00e1v:<\/td>\n<td width=\"508\">WU15, WU17, WSenior, U13, U15, U17, Senior2, Senior3<\/td>\n<\/tr>\n<tr>\n<td width=\"101\">Hossz\u00fat\u00e1v:<\/td>\n<td width=\"508\">WU19, WElit, WMaster,\u00a0U19, Elit1, Elit2, Master, Senior1, P\u00e9nzd\u00edjas<\/td>\n<\/tr>\n<\/tbody>\n<\/table>\n<p>&nbsp;<\/p>\n<p>P\u00c9NZD\u00cdJAS verseny: A korcsoportos verseny f\u00fcggetlen a p\u00e9nzd\u00edjas versenyt\u0151l! A p\u00e9nzd\u00edjas kateg\u00f3ri\u00e1ban nincsenek korcsoportok! A p\u00e9nzd\u00edjas versenyen val\u00f3 r\u00e9szv\u00e9tel az AKESZ pontoz\u00e1sba \u00e9s versenybe nem sz\u00e1m\u00edt bele!<\/p>\n<p><strong>VIII. \u00datvonalak<\/strong><\/p>\n<p>A versenyt\u00e1vok \u00fatvonalai Rend\u0151rs\u00e9g \u00e1ltal biztos\u00edtva vannak. Minden r\u00e9szt vev\u0151 kiz\u00e1r\u00f3lag a korcsoportokban (VII. pont) meghat\u00e1rozott t\u00e1von indulhat.<\/p>\n<p><strong>Hossz\u00fat\u00e1v:<\/strong> Kom\u00e1rom -&gt; Nagyigm\u00e1nd -&gt; Kocs -&gt; Tata -&gt; K\u00f6ml\u0151d -&gt; Dad (friss\u00edt\u0151 \u00e1llom\u00e1s 51 km)-&gt; Cs\u00e1sz\u00e1r -&gt; Kisb\u00e9r \u2013&gt; Kom\u00e1rom<\/p>\n<p><a href=\"https:\/\/www.strava.com\/routes\/19265020\" target=\"_blank\" rel=\"noopener noreferrer\">https:\/\/www.strava.com\/routes\/19265020<\/a><\/p>\n<p>Lass\u00fa rajttal egy\u00fctt: 97 km<br \/>\n\u00c9les versenyt\u00e1v: 89 km<br \/>\nSzintk\u00fcl\u00f6nbs\u00e9g: 640 m<\/p>\n\n\t\t<div id='gallery-3' class='gallery galleryid-1248 gallery-columns-1 gallery-size-large gal190621'><script type=\"text\/javascript\">\r\n\/\/ <![CDATA[\r\n\tjQuery(document).ready(function () {\r\n\t\tjQuery(\".gal190621 a\").attr(\"rel\",\"gal190621\");\t\r\n\t\tjQuery('a[rel=\"gal190621\"]').colorbox({maxWidth:\"95%\", maxHeight:\"95%\",title: function(){ return jQuery(this).children().attr(\"alt\"); }});\r\n\t});\r\n\/\/ ]]>\r\n<\/script>\n<figure class=\"gallery-item\">\n<div class=\"gallery-icon\">\r\n<a href=\"https:\/\/brigetiosport.hu\/wordpress\/wp-content\/uploads\/2019\/01\/rovidtav_v_brigetio_mezonyverseny_terkep.jpg\" title=\"hossz\u00fa t\u00e1v \u00fatvonal\" rel=\"gal190621\"><img loading=\"lazy\" decoding=\"async\" src=\"https:\/\/brigetiosport.hu\/wordpress\/wp-content\/uploads\/2019\/01\/rovidtav_v_brigetio_mezonyverseny_terkep.jpg\" width=\"840\" height=\"576\" alt=\"hossz\u00fa t\u00e1v \u00fatvonal\" \/><\/a>\r\n<\/div><figcaption class=\"gallery-caption\" id=\"caption1375\"><span class=\"imagecaption\">hossz\u00fa t\u00e1v \u00fatvonal<\/span><br \/>\n<\/figcaption><\/figure>\r\n\t\t<\/div>\n\n<p><strong>R\u00f6vidt\u00e1v:<\/strong> Kom\u00e1rom -&gt; Nagyigm\u00e1nd -&gt; Kocs -&gt; Mocsa -&gt; Kom\u00e1rom<\/p>\n<p><a href=\"https:\/\/www.strava.com\/routes\/19400630\" target=\"_blank\" rel=\"noopener noreferrer\">https:\/\/www.strava.com\/routes\/19400630<\/a><\/p>\n<p>Lass\u00fa rajttal egy\u00fctt: 45 km<br \/>\n\u00c9les versenyt\u00e1v: 37 km<br \/>\nSzintk\u00fcl\u00f6nbs\u00e9g: 188 m<\/p>\n\n\t\t<div id='gallery-4' class='gallery galleryid-1248 gallery-columns-1 gallery-size-large gal190621'><script type=\"text\/javascript\">\r\n\/\/ <![CDATA[\r\n\tjQuery(document).ready(function () {\r\n\t\tjQuery(\".gal190621 a\").attr(\"rel\",\"gal190621\");\t\r\n\t\tjQuery('a[rel=\"gal190621\"]').colorbox({maxWidth:\"95%\", maxHeight:\"95%\",title: function(){ return jQuery(this).children().attr(\"alt\"); }});\r\n\t});\r\n\/\/ ]]>\r\n<\/script>\n<figure class=\"gallery-item\">\n<div class=\"gallery-icon\">\r\n<a href=\"https:\/\/brigetiosport.hu\/wordpress\/wp-content\/uploads\/2019\/01\/hosszutav_v_brigetio_mezonyverseny_terkep.jpg\" title=\"r\u00f6vid t\u00e1v \u00fatvonal\" rel=\"gal190621\"><img loading=\"lazy\" decoding=\"async\" src=\"https:\/\/brigetiosport.hu\/wordpress\/wp-content\/uploads\/2019\/01\/hosszutav_v_brigetio_mezonyverseny_terkep.jpg\" width=\"840\" height=\"574\" alt=\"r\u00f6vid t\u00e1v \u00fatvonal\" \/><\/a>\r\n<\/div><figcaption class=\"gallery-caption\" id=\"caption1374\"><span class=\"imagecaption\">r\u00f6vid t\u00e1v \u00fatvonal<\/span><br \/>\n<\/figcaption><\/figure>\r\n\t\t<\/div>\n\n<p>A befut\u00f3 \u00fatvonala nyilakkal jel\u00f6lve. Figyelem, az utols\u00f3 100m macskak\u00f6ves!<\/p>\n\n\t\t<div id='gallery-5' class='gallery galleryid-1248 gallery-columns-1 gallery-size-large gal190621'><script type=\"text\/javascript\">\r\n\/\/ <![CDATA[\r\n\tjQuery(document).ready(function () {\r\n\t\tjQuery(\".gal190621 a\").attr(\"rel\",\"gal190621\");\t\r\n\t\tjQuery('a[rel=\"gal190621\"]').colorbox({maxWidth:\"95%\", maxHeight:\"95%\",title: function(){ return jQuery(this).children().attr(\"alt\"); }});\r\n\t});\r\n\/\/ ]]>\r\n<\/script>\n<figure class=\"gallery-item\">\n<div class=\"gallery-icon\">\r\n<a href=\"https:\/\/brigetiosport.hu\/wordpress\/wp-content\/uploads\/2019\/01\/befutoutvonal_v_brigetio_mezonyverseny_terkep.jpg\" title=\"Befut\u00f3 \u00fatvonala\" rel=\"gal190621\"><img loading=\"lazy\" decoding=\"async\" src=\"https:\/\/brigetiosport.hu\/wordpress\/wp-content\/uploads\/2019\/01\/befutoutvonal_v_brigetio_mezonyverseny_terkep-1024x497.jpg\" width=\"840\" height=\"408\" alt=\"Befut\u00f3 \u00fatvonala\" \/><\/a>\r\n<\/div><figcaption class=\"gallery-caption\" id=\"caption1377\"><span class=\"imagecaption\">Befut\u00f3 \u00fatvonala<\/span><br \/>\n<\/figcaption><\/figure>\r\n\t\t<\/div>\n\n<ol>\n<li><strong> Rajtproced\u00fara<\/strong><\/li>\n<\/ol>\n<p>A r\u00f6vid \u00e9s hossz\u00fa t\u00e1v r\u00e9sztvev\u0151i 10:00 \u00f3rakor k\u00f6z\u00f6sen, lass\u00fa rajttal indulnak a Kom\u00e1rom, Csillag Er\u0151d el\u0151tt kialak\u00edtott c\u00e9legyenesb\u0151l. A rajtn\u00e1l val\u00f3 felsorakoztat\u00e1s sor\u00e1n a hossz\u00fat\u00e1v indul\u00f3i a mez\u0151ny elej\u00e9n, a hossz\u00fa t\u00e1vot felvezet\u0151 g\u00e9pj\u00e1rm\u0171 m\u00f6g\u00f6tt sorakoznak fel, a r\u00f6vidt\u00e1v indul\u00f3i a mez\u0151ny v\u00e9g\u00e9n, a r\u00f6vidt\u00e1vot felvezet\u0151 g\u00e9pj\u00e1rm\u0171 m\u00f6g\u00f6tt sorakoznak fel. A k\u00e9t mez\u0151ny k\u00f6z\u00f6sen, lass\u00fa rajttal hagyja el Kom\u00e1rom v\u00e1ros\u00e1t. A r\u00f6vid t\u00e1v r\u00e9sztvev\u0151i a v\u00e1roson k\u00edv\u00fcl v\u00e1rakoznak 5 percet, majd folytatj\u00e1k a lass\u00fa rajtot, \u00edgy a k\u00e9t t\u00e1v \u00e9les rajtja k\u00fcl\u00f6n lesz. A lass\u00fa rajt 8 km hossz\u00fa lesz. Az id\u0151m\u00e9r\u00e9s az \u00e9les rajtot k\u00f6vet\u0151en indul.<\/p>\n<ol>\n<li><strong> Helyez\u00e9sek eld\u00f6nt\u00e9se:<br \/>\n<\/strong><br \/>\nA kateg\u00f3ri\u00e1nk\u00e9nti versenyek gy\u0151ztese az, aki a ki\u00edrt t\u00e1vot szab\u00e1lyszer\u0171en, a leggyorsabban teljes\u00edti. Chipes id\u0151m\u00e9r\u00e9s.<\/li>\n<li><strong> D\u00edjaz\u00e1s:<\/strong><\/li>\n<\/ol>\n<ul>\n<li>A korcsoportok 1-3 helyezettjei \u00e9remd\u00edjban r\u00e9szes\u00fclnek.<\/li>\n<li>A Rend\u00e9szeti Szervek Orsz\u00e1gos Bajnoks\u00e1g\u00e1nak n\u0151i \u00e9s f\u00e9rfi 1-3 helyezettjei \u00e9remd\u00edjaz\u00e1sban r\u00e9szes\u00fclnek, tov\u00e1bb\u00e1 az els\u0151 helyezett f\u00e9rfi \u00e9s n\u0151i versenyz\u0151 a Nemzeti B\u0171nmegel\u0151z\u00e9si Tan\u00e1cs \u00e9s a Magyar Rend\u00e9szeti Sportsz\u00f6vets\u00e9g \u00e1ltal felaj\u00e1nlott magyar bajnoki mezt veheti \u00e1t.<\/li>\n<li>A p\u00e9nzd\u00edjas verseny 1-3 helyezettjei \u00e9rem \u00e9s p\u00e9nzd\u00edjaz\u00e1sban r\u00e9szes\u00fclnek.<\/li>\n<\/ul>\n<ol>\n<li>helyezett: 50.000 Ft<\/li>\n<li>helyezett: 30.000 Ft<\/li>\n<li>helyezett: 20.000 Ft<\/li>\n<\/ol>\n<ul>\n<li>A helyezetteket egy\u00e9b t\u00e1rgyjutalmakkal, bel\u00e9p\u0151kkel, utalv\u00e1nyokkal d\u00edjazzuk.<\/li>\n<\/ul>\n<p>Figyelem: A korcsoportos verseny f\u00fcggetlen a p\u00e9nzd\u00edjas versenyt\u0151l! A p\u00e9nzd\u00edjas kateg\u00f3ri\u00e1ban nincsenek korcsoportok. A p\u00e9nzd\u00edjas versenyen val\u00f3 r\u00e9szv\u00e9tel az AKESZ pontoz\u00e1sba \u00e9s versenybe nem sz\u00e1m\u00edt bele!<\/p>\n<ul>\n<li>Csapatverseny: Azok a csapatok, akik legal\u00e1bb nyolc egy\u00e9ni versenyz\u0151t neveznek, r\u00e9szt vesznek a csapatversenyben. A csapaton bel\u00fcl a legjobb nyolc versenyz\u0151 id\u0151eredm\u00e9nye \u00f6sszegz\u00e9sre ker\u00fcl \u00e9s a legjobb h\u00e1rom csapat k\u00fcl\u00f6n k\u00e9zm\u0171ves d\u00edjat, m\u00edg a csapattagok oklevelet kapnak.\u00a0K\u00e9rj\u00fck, hogy nevez\u00e9skor a \u201eCsapat neve\u201d rovatban a csapat pontos neve ker\u00fclj\u00f6n felt\u00fcntet\u00e9sre minden csapattag eset\u00e9ben.<\/li>\n<\/ul>\n<p><strong>XII. Nevez\u00e9s:<\/strong><\/p>\n<p>El\u0151nevez\u00e9si d\u00edj: 2019.08.06-ig \u00e9rv\u00e9nyes<\/p>\n<p>r\u00f6vidt\u00e1v: 5.000 Ft<br \/>\nhossz\u00fat\u00e1v: 7.000 Ft<br \/>\nEl\u0151nevez\u00e9si hat\u00e1rid\u0151: 2019. augusztus 6. \u00e9jf\u00e9l<\/p>\n<p>Az el\u0151nevez\u00e9s csak akkor \u00e9rv\u00e9nyes, ha 2019. augusztus 6 \u00e9jf\u00e9lig a nevez\u00e9si d\u00edj az egyes\u00fclet banksz\u00e1ml\u00e1j\u00e1ra \u00e1tutal\u00e1ssal, vagy szem\u00e9lyesen a Piko Bike ker\u00e9kp\u00e1r\u00fczletben befizet\u00e9sre ker\u00fclt! Az el\u0151zetes regisztr\u00e1ci\u00f3 t\u00f6rl\u0151dik, amennyiben a nevez\u00e9si d\u00edj nem ker\u00fcl az el\u0151nevez\u00e9si hat\u00e1rid\u0151 lej\u00e1rt\u00e1ig kiegyenl\u00edt\u00e9sre, ezt k\u00f6vet\u0151en csak helysz\u00edni nevez\u00e9s lehets\u00e9ges!<\/p>\n<p>Banki \u00e1tutal\u00e1s:<br \/>\nBrigetio Ker\u00e9kp\u00e1ros Sportegyes\u00fclet<br \/>\nK&amp;H Bank, 10403631-50526775-68811005<br \/>\nNemzetk\u00f6zi banksz\u00e1mlasz\u00e1m (IBAN): HU44 1040 3631 5052 6775 6881 1005<\/p>\n<p>A nevez\u00e9sn\u00e9l az \u00e1tutal\u00f3 nev\u00e9t, c\u00edm\u00e9t \u00e9s \u2013 jogi szem\u00e9ly eset\u00e9n \u2013 ad\u00f3sz\u00e1m\u00e1t kell megadni! A megjegyz\u00e9s rovatba az indul\u00f3k nev\u00e9t, sz\u00e1mla ig\u00e9nyt k\u00e9rj\u00fck felt\u00fcntetni. Egyes\u00fcleti sz\u00e1mla ig\u00e9ny eset\u00e9n csak az egyes\u00fclet sz\u00e1ml\u00e1j\u00e1r\u00f3l tudunk elfogadni utal\u00e1st! Ellenkez\u0151 esetben nem \u00e1ll m\u00f3dunkban egyes\u00fclet nev\u00e9re sz\u00e1ml\u00e1t ki\u00e1ll\u00edtani! A nevez\u00e9si d\u00edjat nem \u00e1ll m\u00f3dunkban visszat\u00e9r\u00edteni, azonban annak \u00f6sszege 2020 v\u00e9g\u00e9ig egyes\u00fcleti rendezv\u00e9nyeinken leversenyezhet\u0151!<\/p>\n<p>El\u0151nevez\u00e9s befizet\u00e9se szem\u00e9lyesen a Piko Bike \u00dczletben:<br \/>\nC\u00edm: Szlov\u00e1kia, 94505 \u00c9szak \u2013 Kom\u00e1rom (Kom\u00e1rno), Polg\u00e1r u. (Me\u0161tianska) 3018<\/p>\n<p>Helysz\u00edni nevez\u00e9si d\u00edj:<br \/>\nr\u00f6vidt\u00e1v: 8.000 Ft<br \/>\nhossz\u00fat\u00e1v: 10.000 Ft<\/p>\n<p>Nevez\u00e9si d\u00edj kedvezm\u00e9nyek:<br \/>\nAKESZ rendszer\u00e9ben 2019 \u00e9vre \u00e9rv\u00e9nyes regisztr\u00e1ci\u00f3 eset\u00e9n: 10%<br \/>\nOlimpiai \u00d6tpr\u00f3ba regisztr\u00e1ltak: 10%<\/p>\n<p>A Magyar Rend\u00e9szeti Szervek Orsz\u00e1gos Bajnoks\u00e1g\u00e1n r\u00e9sztvev\u0151 ker\u00e9kp\u00e1rosokat k\u00e9rj\u00fck, hogy a nevez\u00e9s mellett a r\u00e9szv\u00e9tel\u00e9t emailben jelezze a <a href=\"mailto:brigetiosport@brigetiosport.hu\">brigetiosport@brigetiosport.hu<\/a> email c\u00edmre!<\/p>\n<p><strong>El\u0151nevez\u00e9s:<\/strong> <a href=\"http:\/\/nevezes.com\" target=\"_blank\" rel=\"noopener noreferrer\">LINK<\/a><\/p>\n<p><strong>XIII. Nevez\u00e9si d\u00edj tartalmazza:<\/strong><\/p>\n<p>\u2013 indul\u00e1s jog\u00e1t,<br \/>\n\u2013 chipes id\u0151m\u00e9r\u00e9st,<br \/>\n\u2013 teljes rend\u0151ri \u00fatvonalbiztos\u00edt\u00e1st, biztos\u00edt\u00f3 motorosokat, szem\u00e9lyzetet<br \/>\n\u2013 eg\u00e9szs\u00e9g\u00fcgyi els\u0151seg\u00e9ly ell\u00e1t\u00e1st, mozg\u00f3 \u00fcgyelet a mez\u0151nyt k\u00f6vetve<br \/>\n\u2013 felvezet\u0151, z\u00e1r\u00f3aut\u00f3 minden t\u00e1von<br \/>\n\u2013 1 db SIS energy g\u00e9lt a rajtcsomagba mindk\u00e9t t\u00e1von<br \/>\n\u2013 1 db SIS energia szeletet hossz\u00fa t\u00e1von<br \/>\n\u2013 1 db Brigetio KSE hivatalos kulacs\u00e1t a rajtcsomagba<br \/>\n\u2013 hossz\u00fat\u00e1von 1 friss\u00edt\u0151\u00e1llom\u00e1st<br \/>\n\u2013 lime \u00edz\u0171 j\u00e9gk\u00e1sa a rajt\/c\u00e9l ter\u00fcleten<br \/>\n\u2013 eb\u00e9d a versenyt k\u00f6vet\u0151en<br \/>\n\u2013 ingyenesen l\u00e1togathat\u00f3 az Igm\u00e1ndi Er\u0151d k\u0151t\u00e1ra<br \/>\n\u2013 kedvezm\u00e9nyes bel\u00e9p\u00e9s a rajtsz\u00e1m felmutat\u00f3j\u00e1nak a Brigetio Gy\u00f3gyf\u00fcrd\u0151be<br \/>\n\u2013 30% kedvezm\u00e9nyt a Teremgokart p\u00e1ly\u00e1ra<br \/>\n\u2013 kedvezm\u00e9nyes bel\u00e9p\u00e9s a rajtsz\u00e1m felmutat\u00f3j\u00e1nak a J\u00f3kai Moziba<br \/>\n\u2013 50% kedvezm\u00e9ny a helyben fogyasztott pizz\u00e1k \u00e1r\u00e1b\u00f3l a rajtsz\u00e1m felmutat\u00f3j\u00e1nak<br \/>\n\u2013 50% kedvezm\u00e9ny a k\u00e1v\u00e9 \u00e1r\u00e1b\u00f3l a Monaco k\u00e1v\u00e9z\u00f3ban<\/p>\n<p><strong>XIV. Versenyszab\u00e1lyok:<\/strong><\/p>\n<ul>\n<li>A rendezv\u00e9nyen minden r\u00e9sztvev\u0151 a rendez\u0151k \u00e1ltal biztos\u00edtott rajtsz\u00e1mmal \u00e9s chipel indul. A rajtsz\u00e1mokat a mez zseb\u00e9re kell ragasztani a chipet a nyeregcs\u0151re kell r\u00f6gz\u00edteni. Let\u00e9ti d\u00edj nincs.<\/li>\n<li>A rendezv\u00e9nyen mindenki saj\u00e1t felel\u0151ss\u00e9g\u00e9re indulhat, a versenyki\u00edr\u00e1s \u00e9s k\u00f6zleked\u00e9si szab\u00e1lyok -KRESZ, K\u00d6H\u00c9M- betart\u00e1sa mellett. A rendezv\u00e9nyen aj\u00e1nlott a j\u00f3l l\u00e1that\u00f3 ruh\u00e1zat visel\u00e9se.<\/li>\n<li>A rendezv\u00e9nyen buk\u00f3sisak visel\u00e9se k\u00f6telez\u0151!<\/li>\n<li>A rendezv\u00e9nyen olyan ker\u00e9kp\u00e1rral, melynek korm\u00e1ny\u00e1n korm\u00e1nyr\u00e1t\u00e9t (k\u00f6ny\u00f6kl\u0151, triatlonkorm\u00e1ny) van, elindulni tilos! Aki a rajthelyre korm\u00e1nyr\u00e1t\u00e9ttel pr\u00f3b\u00e1l be\u00e1llni azt a rendez\u0151s\u00e9g nem engedi elindulni.<\/li>\n<li>A versenyen mindenki saj\u00e1t felel\u0151ss\u00e9g\u00e9re vesz r\u00e9szt!<\/li>\n<li>Az esetleges balesetek\u00e9rt \u00e9s a versenyki\u00edr\u00e1s be nem tart\u00e1s\u00e1b\u00f3l bek\u00f6vetkez\u0151, ill. eg\u00e9szs\u00e9g\u00fcgyi okokb\u00f3l bek\u00f6vetkezett balesetek\u00e9rt \u00e9s s\u00e9r\u00fcl\u00e9sek\u00e9rt a rendez\u0151 semmif\u00e9le felel\u0151ss\u00e9get nem v\u00e1llal, k\u00e1rt\u00e9r\u00edt\u00e9sre nem k\u00f6telezhet\u0151.<\/li>\n<li>A rendezv\u00e9nyen minden r\u00e9sztvev\u0151 k\u00f6teles a rendez\u0151 \u00e1ltal biztos\u00edtott rekl\u00e1manyagot a felszerel\u00e9s\u00e9n, ker\u00e9kp\u00e1ron, \u2026 stb elhelyezni. Aki ennek nem tesz eleget a rendezv\u00e9nyr\u0151l kiz\u00e1rhat\u00f3.<\/li>\n<li>\u00d3v\u00e1st beny\u00fajtani a c\u00e9lba \u00e9rkez\u00e9st k\u00f6vet\u0151en 10 percen bel\u00fcl, \u00edr\u00e1sban van lehet\u0151s\u00e9g. \u00d3v\u00e1si d\u00edj: 15.000.-Ft<\/li>\n<\/ul>\n<ol>\n<li><strong> R\u00e9sztvev\u0151 nyilatkozata:<\/strong><\/li>\n<\/ol>\n<ul>\n<li>Az online nevez\u00e9s regisztr\u00e1ci\u00f3s adatlapj\u00e1nak kit\u00f6lt\u00e9se \u00f6nk\u00e9ntes adatk\u00f6zl\u00e9s. Hozz\u00e1j\u00e1rulok, hogy a nevez\u00e9si lapon szerepl\u0151 adataimat a rendez\u0151 az esem\u00e9ny adatb\u00e1zis\u00e1ban nyilv\u00e1ntartsa.<\/li>\n<li>A rendezv\u00e9nyen k\u00e9sz\u00fcl\u0151 film \u00e9s k\u00e9panyagaiban, elektronikus \u00e9s nyomtatott sajt\u00f3ban valamint ezek rekl\u00e1mc\u00e9l\u00fa felhaszn\u00e1l\u00e1s\u00e1ban szerepelhetek, ez\u00e9rt ellenszolg\u00e1ltat\u00e1st nem k\u00e9rek.<\/li>\n<li>Az V. Brigetio orsz\u00e1g\u00fati mez\u0151nyversenyen saj\u00e1t felel\u0151ss\u00e9gemre veszek r\u00e9szt.<\/li>\n<li>Az V. Brigetio orsz\u00e1g\u00fati mez\u0151nyverseny versenykii\u00edr\u00e1s\u00e1t elolvastam, tudom\u00e1sul vettem, annak pontjait betartom \u00e9s magamra k\u00f6telez\u0151 \u00e9rv\u00e9ny\u0171nek tekintem.<\/li>\n<li>Eg\u00e9szs\u00e9gesen \u00e9s fizikailag felk\u00e9sz\u00fclten \u00e1llok rajthoz.<\/li>\n<li>Sz\u00fcks\u00e9g eset\u00e9n az orvosi vizsg\u00e1latba beleegyezem, az orvos utas\u00edt\u00e1sait elfogadom.<\/li>\n<li>Ha a fenti okokra vagy a ki\u00edr\u00e1sban szerepl\u0151 rendelkez\u00e9sek megszeg\u00e9s\u00e9re visszavezethet\u0151 vagy versenybaleset eset\u00e9n b\u00e1rmilyen k\u00e1rosod\u00e1s \u00e9r, illetve t\u00e1volmarad\u00e1som eset\u00e9n a rendez\u0151k fel\u00e9 k\u00f6vetel\u00e9ssel nem \u00e9lek.<\/li>\n<li>Az online nevez\u00e9s \u201celk\u00fcld\u00e9s\u00e9vel\u201d a nyilatkozat tartalm\u00e1t magamra n\u00e9zve k\u00f6telez\u0151 \u00e9rv\u00e9ny\u0171nek fogadom el!<\/li>\n<\/ul>\n<p><strong>XVI. K\u00eds\u00e9r\u0151 aut\u00f3:<\/strong><\/p>\n<ul>\n<li>K\u00eds\u00e9r\u0151 aut\u00f3t regisztr\u00e1lni a helysz\u00ednen van lehet\u0151s\u00e9g 2.000 Ft ellen\u00e9ben.<\/li>\n<li>A k\u00eds\u00e9r\u0151 aut\u00f3ra ki\u00e1ll\u00edtott sorsz\u00e1mot a g\u00e9pj\u00e1rm\u0171 els\u0151 \u00e9s h\u00e1ts\u00f3 sz\u00e9lv\u00e9d\u0151re kell felhelyezni j\u00f3l l\u00e1that\u00f3 m\u00f3don.<\/li>\n<li>Sorsz\u00e1m n\u00e9lk\u00fcli kis\u00e9r\u00e9s eset\u00e9n a zs\u0171ri kiz\u00e1rja a versenyb\u0151l a k\u00eds\u00e9rt versenyz\u0151t\/versenyz\u0151ket.<\/li>\n<\/ul>\n<p><strong>XVII. Sajt\u00f3 \u00e9s egy\u00e9b m\u00e9dia szab\u00e1lyzat:<\/strong><\/p>\n<p>Egy\u00e9ni felv\u00e9teleket a Rendezv\u00e9nyen val\u00f3 r\u00e9szv\u00e9tel\u00e9r\u0151l minden r\u00e9sztvev\u0151 csak saj\u00e1t, egy\u00e9ni felhaszn\u00e1l\u00e1sra k\u00e9sz\u00edthet, azokat kereskedelmi, rekl\u00e1m, prom\u00f3ci\u00f3s \u00e9s egy\u00e9b c\u00e9lokra a Szervez\u0151 \u00edr\u00e1sos beleegyez\u00e9se n\u00e9lk\u00fcl fel nem haszn\u00e1lhatja. Tilos b\u00e1rmilyen felv\u00e9tel, vagy felv\u00e9tel m\u00e1solat\u00e1nak internetes honlapon, nyomtatott sajt\u00f3ban, telev\u00edzi\u00f3ban val\u00f3 bemutat\u00e1sa \u00fczleti c\u00e9llal, a Szervez\u0151 el\u0151zetes \u00edr\u00e1sbeli enged\u00e9lye n\u00e9lk\u00fcl. A r\u00e9sztvev\u0151 a Rendezv\u00e9nyre val\u00f3 nevez\u00e9ssel \u00e1truh\u00e1zza a Rendezv\u00e9nyen val\u00f3 r\u00e9szv\u00e9tel\u00e9r\u0151l k\u00e9sz\u00fclt b\u00e1rmilyen nem\u0171 felv\u00e9tel rendelkez\u00e9si \u00e9s nemzetk\u00f6zi terjeszt\u00e9si \u00e9s kiz\u00e1r\u00f3lagos felhaszn\u00e1l\u00e1si jogait a Szervez\u0151 c\u00e9gre, \u00edgy minden a Rendezv\u00e9ny ideje alatt a Rendezv\u00e9nyr\u0151l k\u00e9sz\u00fclt k\u00e9p jogai kiz\u00e1r\u00f3lagosan a Szervez\u0151t illetik.<\/p>\n<p><em>A ki\u00edr\u00e1s v\u00e1ltoztat\u00e1si jog\u00e1t a szervez\u0151k fenntartj\u00e1k! Mindenkinek kellemes versenyz\u00e9st k\u00edv\u00e1nunk!<\/em><\/p>\n","protected":false},"excerpt":{"rendered":"<p>Ny\u00edlt, nemzetk\u00f6zi orsz\u00e1g\u00fati mez\u0151nyverseny 2019 \u00e9vi Magyar Ker\u00e9kp\u00e1ros Amat\u0151r Bajnoks\u00e1g 12. fordul\u00f3 Olimpiai \u00d6tpr\u00f3ba Magyar Rend\u00e9szeti Szervek Orsz\u00e1gos Bajnoks\u00e1ga Magyar Szabadid\u0151sport Sz\u00f6vets\u00e9g, Szabadid\u0151s rendezv\u00e9ny Egy\u00e9ni \u00e9s csapatverseny A rendezv\u00e9ny c\u00e9lja: A rendszeres testedz\u00e9s, tov\u00e1bb\u00e1 az orsz\u00e1g\u00fati ker\u00e9kp\u00e1roz\u00e1s, mint versenysport n\u00e9pszer\u0171s\u00edt\u00e9se, ut\u00e1np\u00f3tl\u00e1snevel\u00e9s. A hazai \u00e9s k\u00fclf\u00f6ldi sportegyes\u00fcletekkel val\u00f3 kapcsolatok \u00e1pol\u00e1sa. Kom\u00e1rom v\u00e1ros turisztikai n\u00e9pszer\u0171s\u00edt\u00e9se. A rendezv\u00e9ny &hellip; <a href=\"https:\/\/brigetiosport.hu\/wordpress\/v-brigetio-orszaguti-mezonyverseny\/\" class=\"more-link\"><span class=\"screen-reader-text\">&#8222;V. Brigetio Orsz\u00e1g\u00fati Mez\u0151nyverseny&#8221;<\/span> b\u0151vebben<\/a><\/p>\n","protected":false},"author":1,"featured_media":0,"parent":0,"menu_order":0,"comment_status":"closed","ping_status":"closed","template":"","meta":{"footnotes":""},"_links":{"self":[{"href":"https:\/\/brigetiosport.hu\/wordpress\/wp-json\/wp\/v2\/pages\/1248"}],"collection":[{"href":"https:\/\/brigetiosport.hu\/wordpress\/wp-json\/wp\/v2\/pages"}],"about":[{"href":"https:\/\/brigetiosport.hu\/wordpress\/wp-json\/wp\/v2\/types\/page"}],"author":[{"embeddable":true,"href":"https:\/\/brigetiosport.hu\/wordpress\/wp-json\/wp\/v2\/users\/1"}],"replies":[{"embeddable":true,"href":"https:\/\/brigetiosport.hu\/wordpress\/wp-json\/wp\/v2\/comments?post=1248"}],"version-history":[{"count":13,"href":"https:\/\/brigetiosport.hu\/wordpress\/wp-json\/wp\/v2\/pages\/1248\/revisions"}],"predecessor-version":[{"id":1393,"href":"https:\/\/brigetiosport.hu\/wordpress\/wp-json\/wp\/v2\/pages\/1248\/revisions\/1393"}],"wp:attachment":[{"href":"https:\/\/brigetiosport.hu\/wordpress\/wp-json\/wp\/v2\/media?parent=1248"}],"curies":[{"name":"wp","href":"https:\/\/api.w.org\/{rel}","templated":true}]}}